{"id":2,"date":"2025-08-12T13:24:10","date_gmt":"2025-08-12T11:24:10","guid":{"rendered":"https:\/\/aulamoscati.org\/?page_id=2"},"modified":"2026-02-13T19:54:55","modified_gmt":"2026-02-13T18:54:55","slug":"pagina-ejemplo","status":"publish","type":"page","link":"https:\/\/aulamoscati.org\/","title":{"rendered":"El Aula"},"content":{"rendered":"\n<p>El Aula Moscati es un proyecto auspiciado por la <a href=\"https:\/\/www.hermandaddeelsilencio.org\" target=\"_blank\" rel=\"noreferrer noopener\">Archicofrad\u00eda de Nuestro Padre Jes\u00fas Nazareno<\/a> (Hermandad del Silencio de Sevilla), la <a href=\"https:\/\/uf3ceu.es\/facultades\/facultad-de-ciencias-de-la-salud-y-de-la-vida\/\" target=\"_blank\" rel=\"noreferrer noopener\">Facultad de Ciencias de la Salud y la Vida de la Universidad CEU<\/a> Fernando III y la <a href=\"https:\/\/www.rpmagdalena.org\" target=\"_blank\" rel=\"noreferrer noopener\">Real Parroquia de Santa Maria Magdalena de Sevilla<\/a>.<\/p>\n\n\n\n<p>El objetivo del Aula Moscati es favorecer la vivencia en el mundo sanitario de aquellos valores que deben acompa\u00f1ar las ciencias m\u00e9dicas, y por extensi\u00f3n a todas las personas que quieran inspirar sus valores \u00e9ticos en los valores cristianos, tomando como referente al m\u00e9dico napolitano San Jos\u00e9 Moscati.<\/p>\n\n\n\n<p>La inspiraci\u00f3n de su vida tanto en el \u00e1mbito profesional como personal proporcionan una l\u00ednea argumental de la virtud en el ejercicio de la profesi\u00f3n dentro del mundo sanitario.<\/p>\n\n\n\n<p>Para cumplir este objetivo, el aula organiza eventos tales como charlas, debates, conferencias y similares donde se alimenta el di\u00e1logo y la reflexi\u00f3n alrededor de estos valores.<\/p>\n\n\n\n<hr class=\"wp-block-separator has-alpha-channel-opacity\"\/>\n\n\n\n<p class=\"has-text-align-center\"><strong>Sesiones<\/strong><\/p>\n\n\n\n<hr class=\"wp-block-separator has-alpha-channel-opacity\"\/>\n\n\n<ul class=\"wp-block-latest-posts__list wp-block-latest-posts\"><li><a class=\"wp-block-latest-posts__post-title\" href=\"https:\/\/aulamoscati.org\/?p=378\">Anuncio de la 5\u00aa sesi\u00f3n<\/a><div class=\"wp-block-latest-posts__post-excerpt\">La quinta sesi\u00f3n tendr\u00e1 lugar el pr\u00f3ximo jueves 5 de marzo de 2026 a las 18.00 horas el Aula Antonio Machado de la Fundaci\u00f3n Cajasol, sita en la calle Chicarreros n\u00ba1 de Sevilla. El tema principal ser\u00e1: \u00ab\u00bfTiene sentido la enfermedad y el sufrimiento?\u00bb. La semblanza ser\u00e1 sobre la vida, obra y virtudes de D. Miguel de Ma\u00f1ara, expuesta por Eduardo del Rey Tirado. El acto continuar\u00e1 con una entrevista al Excmo. y Rvdmo. Sr. D. Jos\u00e9 \u00c1ngel Saiz Meneses, Arzobispo de&#8230; <a class=\"wp-block-latest-posts__read-more\" href=\"https:\/\/aulamoscati.org\/?p=378\" rel=\"noopener noreferrer\">Lee m\u00e1s<span class=\"screen-reader-text\">: Anuncio de la 5\u00aa sesi\u00f3n<\/span><\/a><\/div><\/li>\n<li><div class=\"wp-block-latest-posts__featured-image\"><a href=\"https:\/\/aulamoscati.org\/?p=371\" aria-label=\"Cuarta sesi\u00f3n del Aula Moscati\"><img loading=\"lazy\" decoding=\"async\" width=\"1024\" height=\"557\" src=\"https:\/\/aulamoscati.org\/wp-content\/uploads\/2026\/02\/Cuarta-sesion-imagen-02-1024x557.png\" class=\"attachment-large size-large wp-post-image\" alt=\"\" style=\"\" srcset=\"https:\/\/aulamoscati.org\/wp-content\/uploads\/2026\/02\/Cuarta-sesion-imagen-02-1024x557.png 1024w, https:\/\/aulamoscati.org\/wp-content\/uploads\/2026\/02\/Cuarta-sesion-imagen-02-300x163.png 300w, https:\/\/aulamoscati.org\/wp-content\/uploads\/2026\/02\/Cuarta-sesion-imagen-02-768x418.png 768w, https:\/\/aulamoscati.org\/wp-content\/uploads\/2026\/02\/Cuarta-sesion-imagen-02-1536x835.png 1536w, https:\/\/aulamoscati.org\/wp-content\/uploads\/2026\/02\/Cuarta-sesion-imagen-02-2048x1114.png 2048w\" sizes=\"auto, (max-width: 1024px) 100vw, 1024px\" \/><\/a><\/div><a class=\"wp-block-latest-posts__post-title\" href=\"https:\/\/aulamoscati.org\/?p=371\">Cuarta sesi\u00f3n del Aula Moscati<\/a><div class=\"wp-block-latest-posts__post-excerpt\">El 22 de enero pasado se llev\u00f3 a cabo la cuarta sesi\u00f3n del Aula Moscati con \u00abLa buena muerte\u00bb como tema central. El presidente del Colegio de Enfermer\u00eda de Sevilla comenz\u00f3 el acto convocando a un minuto de silencio por las v\u00edctimas del accidente ferroviario de Adamuz. Seguidamente, como en todas las sesiones, se rez\u00f3 la oraci\u00f3n de San Jos\u00e9 Moscati pidiendo la interseci\u00f3n por los difuntos, enfermos y familiares. Tras la presentaci\u00f3n del acto agradeciendo la presencia a los ponentes y&#8230; <a class=\"wp-block-latest-posts__read-more\" href=\"https:\/\/aulamoscati.org\/?p=371\" rel=\"noopener noreferrer\">Lee m\u00e1s<span class=\"screen-reader-text\">: Cuarta sesi\u00f3n del Aula Moscati<\/span><\/a><\/div><\/li>\n<li><div class=\"wp-block-latest-posts__featured-image\"><a href=\"https:\/\/aulamoscati.org\/?p=211\" aria-label=\"Tercera sesi\u00f3n del Aula Moscati\"><img loading=\"lazy\" decoding=\"async\" width=\"1024\" height=\"600\" src=\"https:\/\/aulamoscati.org\/wp-content\/uploads\/2025\/10\/20251016-3a-sesion-aula-Moscati-1024x600.png\" class=\"attachment-large size-large wp-post-image\" alt=\"\" style=\"\" srcset=\"https:\/\/aulamoscati.org\/wp-content\/uploads\/2025\/10\/20251016-3a-sesion-aula-Moscati-1024x600.png 1024w, https:\/\/aulamoscati.org\/wp-content\/uploads\/2025\/10\/20251016-3a-sesion-aula-Moscati-300x176.png 300w, https:\/\/aulamoscati.org\/wp-content\/uploads\/2025\/10\/20251016-3a-sesion-aula-Moscati-768x450.png 768w, https:\/\/aulamoscati.org\/wp-content\/uploads\/2025\/10\/20251016-3a-sesion-aula-Moscati-1536x900.png 1536w, https:\/\/aulamoscati.org\/wp-content\/uploads\/2025\/10\/20251016-3a-sesion-aula-Moscati-2048x1200.png 2048w\" sizes=\"auto, (max-width: 1024px) 100vw, 1024px\" \/><\/a><\/div><a class=\"wp-block-latest-posts__post-title\" href=\"https:\/\/aulamoscati.org\/?p=211\">Tercera sesi\u00f3n del Aula Moscati<\/a><div class=\"wp-block-latest-posts__post-excerpt\">El pasado 16 de octubre se llev\u00f3 a cabo la tercera sesi\u00f3n del Aula Moscati en el sal\u00f3n de actos del Real Colegio de M\u00e9dicos de Sevilla. En esta ocasi\u00f3n el tema que convocaba al acto era \u00abEl bien no tiene fronteras\u00bb, adem\u00e1s de la emotiva presentacion del cuadro de San Jos\u00e9 Moscati obra del pintor C\u00e9sar Ram\u00edrez Mart\u00ednez.<\/div><\/li>\n<li><div class=\"wp-block-latest-posts__featured-image\"><a href=\"https:\/\/aulamoscati.org\/?p=52\" aria-label=\"Segunda sesi\u00f3n del Aula Moscati\"><img loading=\"lazy\" decoding=\"async\" width=\"1024\" height=\"515\" src=\"https:\/\/aulamoscati.org\/wp-content\/uploads\/2025\/08\/Captura-segunda-sesion-mesa-redonda-small.png\" class=\"attachment-large size-large wp-post-image\" alt=\"\" style=\"\" srcset=\"https:\/\/aulamoscati.org\/wp-content\/uploads\/2025\/08\/Captura-segunda-sesion-mesa-redonda-small.png 1024w, https:\/\/aulamoscati.org\/wp-content\/uploads\/2025\/08\/Captura-segunda-sesion-mesa-redonda-small-300x151.png 300w, https:\/\/aulamoscati.org\/wp-content\/uploads\/2025\/08\/Captura-segunda-sesion-mesa-redonda-small-768x386.png 768w\" sizes=\"auto, (max-width: 1024px) 100vw, 1024px\" \/><\/a><\/div><a class=\"wp-block-latest-posts__post-title\" href=\"https:\/\/aulamoscati.org\/?p=52\">Segunda sesi\u00f3n del Aula Moscati<\/a><div class=\"wp-block-latest-posts__post-excerpt\">La segunda sesi\u00f3n del Aula Moscati, titulada \u00abAqu\u00ed cabemos todos. S\u00edndrome de Down y Eugenesia\u201d, congreg\u00f3 el pasado 15 de mayo de 2025 a m\u00e1s de 200 personas en el sal\u00f3n de actos de la Capitan\u00eda General en la Plaza de Espa\u00f1a de Sevilla.\n\nEl encuentro ten\u00eda como objetivo transmitir una idea muy sencilla, a trav\u00e9s de los testimonios de los ponentes: Todos nacemos con la dignidad que, por definici\u00f3n, tiene el ser humano. Y no hay nada que nos reste un \u00e1pice de ese derecho a ser, estar y existir.<\/div><\/li>\n<li><div class=\"wp-block-latest-posts__featured-image\"><a href=\"https:\/\/aulamoscati.org\/?p=1\" aria-label=\"Primera sesi\u00f3n del Aula Moscati\"><img loading=\"lazy\" decoding=\"async\" width=\"1024\" height=\"466\" src=\"https:\/\/aulamoscati.org\/wp-content\/uploads\/2025\/08\/Escena-Primera-sesion-Aula-Moscati-20260116-small.png\" class=\"attachment-large size-large wp-post-image\" alt=\"\" style=\"\" srcset=\"https:\/\/aulamoscati.org\/wp-content\/uploads\/2025\/08\/Escena-Primera-sesion-Aula-Moscati-20260116-small.png 1024w, https:\/\/aulamoscati.org\/wp-content\/uploads\/2025\/08\/Escena-Primera-sesion-Aula-Moscati-20260116-small-300x137.png 300w, https:\/\/aulamoscati.org\/wp-content\/uploads\/2025\/08\/Escena-Primera-sesion-Aula-Moscati-20260116-small-768x350.png 768w\" sizes=\"auto, (max-width: 1024px) 100vw, 1024px\" \/><\/a><\/div><a class=\"wp-block-latest-posts__post-title\" href=\"https:\/\/aulamoscati.org\/?p=1\">Primera sesi\u00f3n del Aula Moscati<\/a><div class=\"wp-block-latest-posts__post-excerpt\">La primera sesi\u00f3n del Aula Moscati celebrada el 16 de enero de 2025 ha consistido en una mesa redonda que cont\u00f3 con la intervenci\u00f3n del Dr. Francisco Trujillo, doctor en Medicina y Cirug\u00eda Especialista en Cardiolog\u00eda y el P. Leonardo S\u00e1nchez, capell\u00e1n de la CEU UF3, doctor en comunicaci\u00f3n y delegado diocesano de Medios de la Archidi\u00f3cesis de Sevilla, que fueron presentados por el P. Francisco Rom\u00e1n, p\u00e1rroco de Santa Mar\u00eda Magdalena y can\u00f3nigo doctoral de la Catedral de Sevilla; -los dos \u00faltimos, adem\u00e1s, son profesores de la Facultad de Teolog\u00eda San Isidoro-.<\/div><\/li>\n<\/ul>\n\n\n<p><\/p>\n","protected":false},"excerpt":{"rendered":"<p>El Aula Moscati es un proyecto auspiciado por la Archicofrad\u00eda de Nuestro Padre Jes\u00fas Nazareno (Hermandad del Silencio de Sevilla), la Facultad de Ciencias de la Salud y la Vida de la Universidad CEU Fernando III y la Real Parroquia de Santa Maria Magdalena de Sevilla. El objetivo del Aula Moscati es favorecer la vivencia [&hellip;]<\/p>\n","protected":false},"author":1,"featured_media":0,"parent":0,"menu_order":0,"comment_status":"closed","ping_status":"open","template":"","meta":{"footnotes":""},"class_list":["post-2","page","type-page","status-publish","hentry"],"_links":{"self":[{"href":"https:\/\/aulamoscati.org\/index.php?rest_route=\/wp\/v2\/pages\/2","targetHints":{"allow":["GET"]}}],"collection":[{"href":"https:\/\/aulamoscati.org\/index.php?rest_route=\/wp\/v2\/pages"}],"about":[{"href":"https:\/\/aulamoscati.org\/index.php?rest_route=\/wp\/v2\/types\/page"}],"author":[{"embeddable":true,"href":"https:\/\/aulamoscati.org\/index.php?rest_route=\/wp\/v2\/users\/1"}],"replies":[{"embeddable":true,"href":"https:\/\/aulamoscati.org\/index.php?rest_route=%2Fwp%2Fv2%2Fcomments&post=2"}],"version-history":[{"count":32,"href":"https:\/\/aulamoscati.org\/index.php?rest_route=\/wp\/v2\/pages\/2\/revisions"}],"predecessor-version":[{"id":377,"href":"https:\/\/aulamoscati.org\/index.php?rest_route=\/wp\/v2\/pages\/2\/revisions\/377"}],"wp:attachment":[{"href":"https:\/\/aulamoscati.org\/index.php?rest_route=%2Fwp%2Fv2%2Fmedia&parent=2"}],"curies":[{"name":"wp","href":"https:\/\/api.w.org\/{rel}","templated":true}]}}